{"id":1037,"date":"2016-08-15T10:06:12","date_gmt":"2016-08-15T08:06:12","guid":{"rendered":"http:\/\/www.e-c-o-n.de\/wp-de\/datenschutzbelehrung\/"},"modified":"2018-05-24T21:37:43","modified_gmt":"2018-05-24T19:37:43","slug":"datenschutzbelehrung","status":"publish","type":"page","link":"https:\/\/www.e-con.de\/wp-de\/datenschutzbelehrung\/","title":{"rendered":"Datenschutzbelehrung"},"content":{"rendered":"<p class=\"p1\"><span class=\"s1\">Wir freuen uns \u00fcber Ihr Interesse an unserer Website. Der Schutz Ihrer Privatsph\u00e4re ist f\u00fcr uns sehr wichtig. Nachstehend informieren wir Sie ausf\u00fchrlich \u00fcber den Umgang mit Ihren Daten.<\/span><\/p>\n<pre class=\"p1\"><span class=\"s1\"><b>Erhebung, Verarbeitung und Nutzung Ihrer Daten<\/b><\/span><\/pre>\n<p class=\"p1\" style=\"text-align: justify;\"><span class=\"s1\">Sie k\u00f6nnen unsere Seite besuchen, ohne Angaben zu Ihrer Person zu machen. Wir speichern lediglich Zugriffsdaten ohne Personenbezug.&nbsp;Diese Daten werden ausschlie\u00dflich zur Verbesserung unseres Angebotes ausgewertet und erlauben keinen R\u00fcckschluss auf Ihre Person.<\/span><\/p>\n<p class=\"p1\" style=\"text-align: justify;\"><span class=\"s1\">Personenbezogene Daten werden nur erhoben, wenn Sie uns diese im Rahmen Ihrer Warenbestellung oder bei Er\u00f6ffnung eines Kundenkontos&nbsp;freiwillig mitteilen. Wir verwenden die von ihnen mitgeteilten Daten ohne Ihre gesonderte Einwilligung ausschlie\u00dflich zur Erf\u00fcllung und Abwicklung Ihrer Bestellung. Mit vollst\u00e4ndiger Abwicklung des Vertrages und vollst\u00e4ndiger Kaufpreiszahlung werden Ihre Daten f\u00fcr die weitere Verwendung gesperrt und nach Ablauf der steuer- und handelsrechtlichen Aufbewahrungsfristen gel\u00f6scht, sofern Sie nicht ausdr\u00fccklich in die weitere Nutzung Ihrer Daten eingewilligt haben.Bei Anmeldung zum Newsletter wird Ihre E-Mail-Adresse mit Ihrer Einwilligung f\u00fcr eigene Werbezwecke genutzt, bis Sie sich vom Newsletter abmelden. Die Abmeldung ist jederzeit m\u00f6glich.<\/span><\/p>\n<pre class=\"p1\"><span class=\"s1\"><b>Verwendung von Cookies<\/b><\/span><\/pre>\n<p class=\"p1\" style=\"text-align: justify;\"><span class=\"s1\">Auf verschiedenen Seiten verwenden wir Cookies, um den Besuch unserer Website attraktiv zu gestalten und die Nutzung bestimmter Funktionen zu erm\u00f6glichen. Hierbei handelt es sich um kleine Textdateien, die auf Ihrem Rechner abgelegt werden. Die meisten der von uns verwendeten Cookies werden nach Ende der Browser-Sitzung wieder von Ihrer Festplatte gel\u00f6scht (sog. Sitzungs-Cookies). Andere Cookies verbleiben auf Ihrem Rechner und erm\u00f6glichen uns, Ihren Rechner bei Ihrem n\u00e4chsten Besuch wieder zu erkennen (sog. dauerhafte Cookies). Diese Cookies dienen der Begr\u00fc\u00dfung mit Ihrem Benutzernamen und er\u00fcbrigen Ihnen bei Folgebestellungen die erneute Eingabe Ihres Passwortes oder das Ausf\u00fcllen von Formularen mit Ihren Daten. Unseren Partnerunternehmen ist es nicht gestattet, \u00fcber unsere Website personenbezogene Daten mittels Cookies zu erheben, zu verarbeiten oder zu nutzen.<\/span><\/p>\n<pre class=\"p1\"><span class=\"s1\"><b>Weitergabe personenbezogener Daten<\/b><\/span><\/pre>\n<p class=\"p1\" style=\"text-align: justify;\"><span class=\"s1\">Eine Weitergabe Ihrer Daten erfolgt an das mit der Lieferung beauftragte Versandunternehmen, soweit dies zur Lieferung der Waren notwendig ist. Zur Abwicklung von Zahlungen geben wir Ihre Zahlungsdaten an das mit der Zahlung beauftragte Kreditinstitut weiter.<\/span><\/p>\n<pre class=\"p1\"><span class=\"s1\"><b>Auskunftsrecht<\/b><\/span><\/pre>\n<p class=\"p1\" style=\"text-align: justify;\"><span class=\"s1\">Nach dem Bundesdatenschutzgesetz haben Sie ein Recht auf unentgeltliche Auskunft \u00fcber Ihre gespeicherten Daten sowie ggf. ein Recht auf Berichtigung, Sperrung oder L\u00f6schung dieser Daten.<\/span><\/p>\n<pre class=\"p1\"><span class=\"s1\"><b>Ansprechpartner f\u00fcr Datenschutz<\/b><\/span><\/pre>\n<p class=\"p1\" style=\"text-align: justify;\"><span class=\"s1\">Bei Fragen zur Erhebung, Verarbeitung oder Nutzung Ihrer personenbezogenen Daten, bei Ausk\u00fcnften, Berichtigung, Sperrung oder L\u00f6schung von Daten sowie Widerruf erteilter Einwilligungen wenden Sie sich bitte an:&nbsp;Diplomkauffrau Silke Sch\u00f6nhardt<\/span><\/p>\n<pre class=\"p1\"><span class=\"s1\"><b>Datensicherheit<\/b><\/span><\/pre>\n<p class=\"p1\" style=\"text-align: justify;\"><span class=\"s1\">Ihre personenbezogenen Daten werden im Bestellprozess verschl\u00fcsselt mittels SSL \u00fcber das Internet \u00fcbertragen.&nbsp;Wir sichern unsere Website und sonstigen Systeme durch technische und organisatorische Ma\u00dfnahmen gegen Verlust, Zerst\u00f6rung, Zugriff, Ver\u00e4nderung oder Verbreitung Ihrer Daten durch unbefugte Personen. Der Zugang zu Ihrem Kundenkonto ist nur nach Eingabe Ihres pers\u00f6nlichen Passwortes m\u00f6glich. Sie sollten Ihre Zugangsinformationen stets vertraulich behandeln und das Browserfenster schlie\u00dfen, wenn Sie die Kommunikation mit uns beendet haben, insbesondere wenn Sie den Computer gemeinsam mit anderen nutzen.<\/span><\/p>\n<p class=\"p3\" style=\"text-align: justify;\"><span class=\"s1\">Auf dieser Website werden durch Technologien der etracker GmbH (<a href=\"http:\/\/www.etracker.de\/\"><span class=\"s3\">www.etracker.de<\/span><\/a>) Daten in anonymisierter Form zu Marketing- und Optimierungszwecken gesammelt und gespeichert. Aus diesen Daten werden unter einem Pseudonym Nutzungsprofile erstellt. Hierzu k\u00f6nnen Cookies eingesetzt werden, die allerdings Daten ausschlie\u00dflich in pseudonymer Form sammeln und speichern. Die Daten werden nicht dazu benutzt, den Besucher dieser Website pers\u00f6nlich zu identifizieren und werden nicht mit Daten \u00fcber den Tr\u00e4ger des Pseudonyms zusammengef\u00fchrt. Der Datensammlung und -speicherung kann jederzeit mit Wirkung f\u00fcr die Zukunft <a href=\"http:\/\/www.etracker.de\/privacy?et=%5BIHR%20SICHERHEITSCODE%5D\"><span class=\"s3\">widersprochen<\/span><\/a> werden.<\/span><\/p>\n<pre><strong>Erweiterte Erkl\u00e4rung&nbsp;<\/strong><\/pre>\n<h3>Wer wir sind<\/h3>\n<p>Die Adresse unserer Website ist: http:\/\/www.e-con.de<\/p>\n<h3>Welche personenbezogenen Daten wir sammeln und warum wir sie sammeln<\/h3>\n<h3>Kommentare<\/h3>\n<p>Wenn Besucher Kommentare auf der Website schreiben, sammeln wir die Daten, die im Kommentar-Formular angezeigt werden, au\u00dferdem die IP-Adresse des Besuchers und den User-Agent-String (damit wird der Browser identifiziert), um die Erkennung von Spam zu unterst\u00fctzen.<\/p>\n<p>Aus deiner E-Mail-Adresse kann eine anonymisierte Zeichenfolge erstellt (auch Hash genannt) und dem Gravatar-Dienst \u00fcbergeben werden, um zu pr\u00fcfen, ob du diesen benutzt. Die Datenschutzerkl\u00e4rung des Gravatar-Dienstes findest du hier: https:\/\/automattic.com\/privacy\/. Nachdem dein Kommentar freigegeben wurde, ist dein Profilbild \u00f6ffentlich im Kontext deines Kommentars sichtbar.<\/p>\n<h3>Medien<\/h3>\n<p>Wenn du ein registrierter Benutzer bist und Fotos auf diese Website l\u00e4dst, solltest du vermeiden, Fotos mit einem EXIF-GPS-Standort hochzuladen. Besucher dieser Website k\u00f6nnten Fotos, die auf dieser Website gespeichert sind, herunterladen und deren Standort-Informationen extrahieren.<\/p>\n<h3>Kontaktformulare<\/h3>\n<h3>Cookies<\/h3>\n<p>Wenn du einen Kommentar auf unserer Website schreibst, kann das eine Einwilligung sein, deinen Namen, E-Mail-Adresse und Website in Cookies zu speichern. Dies ist eine Komfortfunktion, damit du nicht, wenn du einen weiteren Kommentar schreibst, all diese Daten erneut eingeben musst. Diese Cookies werden ein Jahr lang gespeichert.<\/p>\n<p>Falls du ein Konto hast und dich auf dieser Website anmeldest, werden wir ein tempor\u00e4res Cookie setzen, um festzustellen, ob dein Browser Cookies akzeptiert. Dieses Cookie enth\u00e4lt keine personenbezogenen Daten und wird verworfen, wenn du deinen Browser schlie\u00dft.<\/p>\n<p>Wenn du dich anmeldest, werden wir einige Cookies einrichten, um deine Anmeldeinformationen und Anzeigeoptionen zu speichern. Anmelde-Cookies verfallen nach zwei Tagen und Cookies f\u00fcr die Anzeigeoptionen nach einem Jahr. Falls du bei der Anmeldung \u201eAngemeldet bleiben\u201c ausw\u00e4hlst, wird deine Anmeldung zwei Wochen lang aufrechterhalten. Mit der Abmeldung aus deinem Konto werden die Anmelde-Cookies gel\u00f6scht.<\/p>\n<p>Wenn du einen Artikel bearbeitest oder ver\u00f6ffentlichst, wird ein zus\u00e4tzlicher Cookie in deinem Browser gespeichert. Dieser Cookie enth\u00e4lt keine personenbezogenen Daten und verweist nur auf die Beitrags-ID des Artikels, den du gerade bearbeitet hast. Der Cookie verf\u00e4llt nach einem Tag.<\/p>\n<h3>Eingebettete Inhalte von anderen Websites<\/h3>\n<p>Beitr\u00e4ge auf dieser Website k\u00f6nnen eingebettete Inhalte beinhalten (z.&nbsp;B. Videos, Bilder, Beitr\u00e4ge etc.). Eingebettete Inhalte von anderen Websites verhalten sich exakt so, als ob der Besucher die andere Website besucht h\u00e4tte.<\/p>\n<p>Diese Websites k\u00f6nnen Daten \u00fcber dich sammeln, Cookies benutzen, zus\u00e4tzliche Tracking-Dienste von Dritten einbetten und deine Interaktion mit diesem eingebetteten Inhalt aufzeichnen, inklusive deiner Interaktion mit dem eingebetteten Inhalt, falls du ein Konto hast und auf dieser Website angemeldet bist.<\/p>\n<h3>Wie lange wir deine Daten speichern<\/h3>\n<p>Wenn du einen Kommentar schreibst, wird dieser inklusive Metadaten zeitlich unbegrenzt gespeichert. Auf diese Art k\u00f6nnen wir Folgekommentare automatisch erkennen und freigeben, anstelle sie in einer Moderations-Warteschlange festzuhalten.<\/p>\n<p>F\u00fcr Benutzer, die sich auf unserer Website registrieren, speichern wir zus\u00e4tzlich die pers\u00f6nlichen Informationen, die sie in ihren Benutzerprofilen angeben. Alle Benutzer k\u00f6nnen jederzeit ihre pers\u00f6nlichen Informationen einsehen, ver\u00e4ndern oder l\u00f6schen (der Benutzername kann nicht ver\u00e4ndert werden). Administratoren der Website k\u00f6nnen diese Informationen ebenfalls einsehen und ver\u00e4ndern.<\/p>\n<h3>Welche Rechte du an deinen Daten hast<\/h3>\n<p>Wenn du ein Konto auf dieser Website besitzt oder Kommentare geschrieben hast, kannst du einen Export deiner personenbezogenen Daten bei uns anfordern, inklusive aller Daten, die du uns mitgeteilt hast. Dar\u00fcber hinaus kannst du die L\u00f6schung aller personenbezogenen Daten, die wir von dir gespeichert haben, anfordern. Dies umfasst nicht die Daten, die wir aufgrund administrativer, rechtlicher oder sicherheitsrelevanter Notwendigkeiten aufbewahren m\u00fcssen.<\/p>\n<h3>Wohin wir deine Daten senden<\/h3>\n<p>Besucher-Kommentare k\u00f6nnten von einem automatisierten Dienst zur Spam-Erkennung untersucht werden.<\/p>\n<h3>Weitere Informationen<\/h3>\n<h3>Wie wir deine Daten sch\u00fctzen<\/h3>\n<h4>Welche Ma\u00dfnahmen wir bei Datenschutzverletzungen anbieten<\/h4>\n<h4>Von welchen Drittanbietern wir Daten erhalten<\/h4>\n<h4>Welche automatisierte Entscheidungsfindung und\/oder Profilerstellung wir mit Benutzerdaten durchf\u00fchren<\/h4>\n<h4>Industrielle aufsichtsrechtliche Regulierungsanforderungen<\/h4>\n","protected":false},"excerpt":{"rendered":"<p>Wir freuen uns \u00fcber Ihr Interesse an unserer Website. Der Schutz Ihrer Privatsph\u00e4re ist f\u00fcr uns sehr wichtig. Nachstehend informieren wir Sie ausf\u00fchrlich \u00fcber den Umgang mit Ihren Daten. Erhebung, Verarbeitung und Nutzung Ihrer Daten Sie k\u00f6nnen unsere Seite besuchen, ohne Angaben zu Ihrer Person zu machen. Wir speichern lediglich Zugriffsdaten ohne Personenbezug.&nbsp;Diese Daten werden &#8230; <a title=\"Datenschutzbelehrung\" class=\"read-more\" href=\"https:\/\/www.e-con.de\/wp-de\/datenschutzbelehrung\/\" aria-label=\"Mehr Informationen \u00fcber Datenschutzbelehrung\">Weiterlesen &#8230;<\/a><\/p>\n","protected":false},"author":1,"featured_media":0,"parent":0,"menu_order":120,"comment_status":"closed","ping_status":"closed","template":"","meta":{"ngg_post_thumbnail":0,"generate_page_header":"","footnotes":""},"class_list":["post-1037","page","type-page","status-publish"],"yoast_head":"<!-- This site is optimized with the Yoast SEO plugin v27.5 - https:\/\/yoast.com\/product\/yoast-seo-wordpress\/ -->\n<title>Datenschutzbelehrung - e-con I Die Partner f\u00fcr Energieeffizienz, Planung und Erneuerbare Energien<\/title>\n<meta name=\"robots\" content=\"index, follow, max-snippet:-1, max-image-preview:large, max-video-preview:-1\" \/>\n<link rel=\"canonical\" href=\"https:\/\/www.e-con.de\/wp-de\/datenschutzbelehrung\/\" \/>\n<meta property=\"og:locale\" content=\"de_DE\" \/>\n<meta property=\"og:type\" content=\"article\" \/>\n<meta property=\"og:title\" content=\"Datenschutzbelehrung - e-con I Die Partner f\u00fcr Energieeffizienz, Planung und Erneuerbare Energien\" \/>\n<meta property=\"og:description\" content=\"Wir freuen uns \u00fcber Ihr Interesse an unserer Website. Der Schutz Ihrer Privatsph\u00e4re ist f\u00fcr uns sehr wichtig. Nachstehend informieren wir Sie ausf\u00fchrlich \u00fcber den Umgang mit Ihren Daten. Erhebung, Verarbeitung und Nutzung Ihrer Daten Sie k\u00f6nnen unsere Seite besuchen, ohne Angaben zu Ihrer Person zu machen. Wir speichern lediglich Zugriffsdaten ohne Personenbezug.&nbsp;Diese Daten werden ... Weiterlesen ...\" \/>\n<meta property=\"og:url\" content=\"https:\/\/www.e-con.de\/wp-de\/datenschutzbelehrung\/\" \/>\n<meta property=\"og:site_name\" content=\"e-con I Die Partner f\u00fcr Energieeffizienz, Planung und Erneuerbare Energien\" \/>\n<meta property=\"article:publisher\" content=\"https:\/\/www.facebook.com\/Matthias-Sch%c3%b6nhardt-1114936911891993\/\" \/>\n<meta property=\"article:modified_time\" content=\"2018-05-24T19:37:43+00:00\" \/>\n<meta name=\"twitter:card\" content=\"summary_large_image\" \/>\n<meta name=\"twitter:label1\" content=\"Gesch\u00e4tzte Lesezeit\" \/>\n\t<meta name=\"twitter:data1\" content=\"6\u00a0Minuten\" \/>\n<script type=\"application\/ld+json\" class=\"yoast-schema-graph\">{\"@context\":\"https:\\\/\\\/schema.org\",\"@graph\":[{\"@type\":\"WebPage\",\"@id\":\"https:\\\/\\\/www.e-con.de\\\/wp-de\\\/datenschutzbelehrung\\\/\",\"url\":\"https:\\\/\\\/www.e-con.de\\\/wp-de\\\/datenschutzbelehrung\\\/\",\"name\":\"Datenschutzbelehrung - e-con I Die Partner f\u00fcr Energieeffizienz, Planung und Erneuerbare Energien\",\"isPartOf\":{\"@id\":\"https:\\\/\\\/www.e-con.de\\\/wp-de\\\/#website\"},\"datePublished\":\"2016-08-15T08:06:12+00:00\",\"dateModified\":\"2018-05-24T19:37:43+00:00\",\"breadcrumb\":{\"@id\":\"https:\\\/\\\/www.e-con.de\\\/wp-de\\\/datenschutzbelehrung\\\/#breadcrumb\"},\"inLanguage\":\"de\",\"potentialAction\":[{\"@type\":\"ReadAction\",\"target\":[\"https:\\\/\\\/www.e-con.de\\\/wp-de\\\/datenschutzbelehrung\\\/\"]}]},{\"@type\":\"BreadcrumbList\",\"@id\":\"https:\\\/\\\/www.e-con.de\\\/wp-de\\\/datenschutzbelehrung\\\/#breadcrumb\",\"itemListElement\":[{\"@type\":\"ListItem\",\"position\":1,\"name\":\"Startseite\",\"item\":\"https:\\\/\\\/www.e-con.de\\\/wp-de\\\/\"},{\"@type\":\"ListItem\",\"position\":2,\"name\":\"Datenschutzbelehrung\"}]},{\"@type\":\"WebSite\",\"@id\":\"https:\\\/\\\/www.e-con.de\\\/wp-de\\\/#website\",\"url\":\"https:\\\/\\\/www.e-con.de\\\/wp-de\\\/\",\"name\":\"e-con I Die Partner f\u00fcr Energieeffizienz, Planung und Erneuerbare Energien\",\"description\":\"Die Partner f\u00fcr Energieeffizienz, Planung und Erneuerbare Energien\",\"publisher\":{\"@id\":\"https:\\\/\\\/www.e-con.de\\\/wp-de\\\/#organization\"},\"potentialAction\":[{\"@type\":\"SearchAction\",\"target\":{\"@type\":\"EntryPoint\",\"urlTemplate\":\"https:\\\/\\\/www.e-con.de\\\/wp-de\\\/?s={search_term_string}\"},\"query-input\":{\"@type\":\"PropertyValueSpecification\",\"valueRequired\":true,\"valueName\":\"search_term_string\"}}],\"inLanguage\":\"de\"},{\"@type\":\"Organization\",\"@id\":\"https:\\\/\\\/www.e-con.de\\\/wp-de\\\/#organization\",\"name\":\"e-con I Die Partner f\u00fcr Energieeffizienz, Planung und Erneuerbare Energien\",\"url\":\"https:\\\/\\\/www.e-con.de\\\/wp-de\\\/\",\"logo\":{\"@type\":\"ImageObject\",\"inLanguage\":\"de\",\"@id\":\"https:\\\/\\\/www.e-con.de\\\/wp-de\\\/#\\\/schema\\\/logo\\\/image\\\/\",\"url\":\"https:\\\/\\\/www.e-con.de\\\/wp-de\\\/wp-content\\\/uploads\\\/2016\\\/04\\\/LOGO-CAD-15102015-mit-Slogan-e1460284870722.png\",\"contentUrl\":\"https:\\\/\\\/www.e-con.de\\\/wp-de\\\/wp-content\\\/uploads\\\/2016\\\/04\\\/LOGO-CAD-15102015-mit-Slogan-e1460284870722.png\",\"width\":350,\"height\":101,\"caption\":\"e-con I Die Partner f\u00fcr Energieeffizienz, Planung und Erneuerbare Energien\"},\"image\":{\"@id\":\"https:\\\/\\\/www.e-con.de\\\/wp-de\\\/#\\\/schema\\\/logo\\\/image\\\/\"},\"sameAs\":[\"https:\\\/\\\/www.facebook.com\\\/Matthias-Sch\u00f6nhardt-1114936911891993\\\/\"]}]}<\/script>\n<!-- \/ Yoast SEO plugin. -->","yoast_head_json":{"title":"Datenschutzbelehrung - e-con I Die Partner f\u00fcr Energieeffizienz, Planung und Erneuerbare Energien","robots":{"index":"index","follow":"follow","max-snippet":"max-snippet:-1","max-image-preview":"max-image-preview:large","max-video-preview":"max-video-preview:-1"},"canonical":"https:\/\/www.e-con.de\/wp-de\/datenschutzbelehrung\/","og_locale":"de_DE","og_type":"article","og_title":"Datenschutzbelehrung - e-con I Die Partner f\u00fcr Energieeffizienz, Planung und Erneuerbare Energien","og_description":"Wir freuen uns \u00fcber Ihr Interesse an unserer Website. Der Schutz Ihrer Privatsph\u00e4re ist f\u00fcr uns sehr wichtig. Nachstehend informieren wir Sie ausf\u00fchrlich \u00fcber den Umgang mit Ihren Daten. Erhebung, Verarbeitung und Nutzung Ihrer Daten Sie k\u00f6nnen unsere Seite besuchen, ohne Angaben zu Ihrer Person zu machen. Wir speichern lediglich Zugriffsdaten ohne Personenbezug.&nbsp;Diese Daten werden ... Weiterlesen ...","og_url":"https:\/\/www.e-con.de\/wp-de\/datenschutzbelehrung\/","og_site_name":"e-con I Die Partner f\u00fcr Energieeffizienz, Planung und Erneuerbare Energien","article_publisher":"https:\/\/www.facebook.com\/Matthias-Sch%c3%b6nhardt-1114936911891993\/","article_modified_time":"2018-05-24T19:37:43+00:00","twitter_card":"summary_large_image","twitter_misc":{"Gesch\u00e4tzte Lesezeit":"6\u00a0Minuten"},"schema":{"@context":"https:\/\/schema.org","@graph":[{"@type":"WebPage","@id":"https:\/\/www.e-con.de\/wp-de\/datenschutzbelehrung\/","url":"https:\/\/www.e-con.de\/wp-de\/datenschutzbelehrung\/","name":"Datenschutzbelehrung - e-con I Die Partner f\u00fcr Energieeffizienz, Planung und Erneuerbare Energien","isPartOf":{"@id":"https:\/\/www.e-con.de\/wp-de\/#website"},"datePublished":"2016-08-15T08:06:12+00:00","dateModified":"2018-05-24T19:37:43+00:00","breadcrumb":{"@id":"https:\/\/www.e-con.de\/wp-de\/datenschutzbelehrung\/#breadcrumb"},"inLanguage":"de","potentialAction":[{"@type":"ReadAction","target":["https:\/\/www.e-con.de\/wp-de\/datenschutzbelehrung\/"]}]},{"@type":"BreadcrumbList","@id":"https:\/\/www.e-con.de\/wp-de\/datenschutzbelehrung\/#breadcrumb","itemListElement":[{"@type":"ListItem","position":1,"name":"Startseite","item":"https:\/\/www.e-con.de\/wp-de\/"},{"@type":"ListItem","position":2,"name":"Datenschutzbelehrung"}]},{"@type":"WebSite","@id":"https:\/\/www.e-con.de\/wp-de\/#website","url":"https:\/\/www.e-con.de\/wp-de\/","name":"e-con I Die Partner f\u00fcr Energieeffizienz, Planung und Erneuerbare Energien","description":"Die Partner f\u00fcr Energieeffizienz, Planung und Erneuerbare Energien","publisher":{"@id":"https:\/\/www.e-con.de\/wp-de\/#organization"},"potentialAction":[{"@type":"SearchAction","target":{"@type":"EntryPoint","urlTemplate":"https:\/\/www.e-con.de\/wp-de\/?s={search_term_string}"},"query-input":{"@type":"PropertyValueSpecification","valueRequired":true,"valueName":"search_term_string"}}],"inLanguage":"de"},{"@type":"Organization","@id":"https:\/\/www.e-con.de\/wp-de\/#organization","name":"e-con I Die Partner f\u00fcr Energieeffizienz, Planung und Erneuerbare Energien","url":"https:\/\/www.e-con.de\/wp-de\/","logo":{"@type":"ImageObject","inLanguage":"de","@id":"https:\/\/www.e-con.de\/wp-de\/#\/schema\/logo\/image\/","url":"https:\/\/www.e-con.de\/wp-de\/wp-content\/uploads\/2016\/04\/LOGO-CAD-15102015-mit-Slogan-e1460284870722.png","contentUrl":"https:\/\/www.e-con.de\/wp-de\/wp-content\/uploads\/2016\/04\/LOGO-CAD-15102015-mit-Slogan-e1460284870722.png","width":350,"height":101,"caption":"e-con I Die Partner f\u00fcr Energieeffizienz, Planung und Erneuerbare Energien"},"image":{"@id":"https:\/\/www.e-con.de\/wp-de\/#\/schema\/logo\/image\/"},"sameAs":["https:\/\/www.facebook.com\/Matthias-Sch\u00f6nhardt-1114936911891993\/"]}]}},"_links":{"self":[{"href":"https:\/\/www.e-con.de\/wp-de\/wp-json\/wp\/v2\/pages\/1037","targetHints":{"allow":["GET"]}}],"collection":[{"href":"https:\/\/www.e-con.de\/wp-de\/wp-json\/wp\/v2\/pages"}],"about":[{"href":"https:\/\/www.e-con.de\/wp-de\/wp-json\/wp\/v2\/types\/page"}],"author":[{"embeddable":true,"href":"https:\/\/www.e-con.de\/wp-de\/wp-json\/wp\/v2\/users\/1"}],"replies":[{"embeddable":true,"href":"https:\/\/www.e-con.de\/wp-de\/wp-json\/wp\/v2\/comments?post=1037"}],"version-history":[{"count":2,"href":"https:\/\/www.e-con.de\/wp-de\/wp-json\/wp\/v2\/pages\/1037\/revisions"}],"predecessor-version":[{"id":2664,"href":"https:\/\/www.e-con.de\/wp-de\/wp-json\/wp\/v2\/pages\/1037\/revisions\/2664"}],"wp:attachment":[{"href":"https:\/\/www.e-con.de\/wp-de\/wp-json\/wp\/v2\/media?parent=1037"}],"curies":[{"name":"wp","href":"https:\/\/api.w.org\/{rel}","templated":true}]}}